{"id":31,"date":"2025-05-28T14:18:18","date_gmt":"2025-05-28T12:18:18","guid":{"rendered":"https:\/\/inspiruj.org\/?page_id=31"},"modified":"2025-05-28T14:23:17","modified_gmt":"2025-05-28T12:23:17","slug":"monitoring-materialow-wyborczych-2023","status":"publish","type":"page","link":"https:\/\/inspiruj.org\/?page_id=31","title":{"rendered":"Monitoring materia\u0142\u00f3w wyborczych 2023"},"content":{"rendered":"\n<p>Monitoring materia\u0142\u00f3w wyborczych w przestrzeni publicznej w 2023 roku obejmuje nie tylko miasto S\u0142upsk, ale r\u00f3wnie\u017c zachodni\u0105 cz\u0119\u015b\u0107 okr\u0119gu s\u0142upsko-gdy\u0144skiego oraz gmin\u0119 Szczecinek i S\u0142awno.<br><br>Tegoroczny monitoring to nie tylko reklamy wyborcze w pasie drogowym, ale r\u00f3wnie\u017c reklamy na mieniu os\u00f3b prawnych (sp\u00f3\u0142ek z ograniczon\u0105 odpowiedzialno\u015bci\u0105, jednostek samorz\u0105du terytorialnego, organizacji pozarz\u0105dowych, sp\u00f3\u0142dzielni mieszkaniowych, itp.). Z wy\u0142\u0105czeniem miejsc wskazanych przez w\u00f3jt\u00f3w, burmistrz\u00f3w, prezydent\u00f3w do bezp\u0142atnego umieszczania urz\u0119dowych obwieszcze\u0144 wyborczych i plakat\u00f3w wszystkich komitet\u00f3w wyborczych <em>(art. 114 ustawy z dnia 5 stycznia 2011 r. \u2014 Kodeks<br>wyborczy).<\/em><\/p>\n\n\n\n<hr class=\"wp-block-separator has-alpha-channel-opacity\"\/>\n\n\n\n<p>Ju\u017c od ponad 9 lat sprawdzamy uczciwo\u015b\u0107 kampanii wyborczej w wymiarze lokalnym. O monitoringach z ubieg\u0142ych lat mo\u017cna poczyta\u0107 m.in. tutaj: <a href=\"https:\/\/inspiruj.org\/wp-content\/uploads\/2025\/05\/Spoleczny_Monitoring_Wyborczy_2019_RAPORT.pdf\" target=\"_blank\" rel=\"noreferrer noopener\">Raport z 2019 roku<\/a>, <a href=\"https:\/\/inspiruj.org\/wp-content\/uploads\/2025\/05\/Spoleczny-Monitoring-Wyborczy.pdf\" target=\"_blank\" rel=\"noreferrer noopener\">Raport z 2015 roku<\/a><\/p>\n\n\n\n<hr class=\"wp-block-separator has-alpha-channel-opacity\"\/>\n\n\n\n<p><strong>Monitoring w S\u0142upsku:<\/strong><br><strong>1) reklamy wyborcze w pasie drogowym<\/strong> na podstawie wydanych przez Zarz\u0105d Infrastruktury Miejskiej decyzji administracyjnych (wskazane we wniosku \/ zweryfikowane w terenie) :<\/p>\n\n\n\n<figure class=\"wp-block-table\"><table class=\"has-fixed-layout\"><thead><tr><td><strong>Lokalizacje<\/strong><\/td><td><strong>Konwi\u0144ski<br>Zbigniew<\/strong><\/td><td><strong>M\u00fcller<br>Piotr<\/strong><\/td><td><strong>Plocke<br>Kazimierz<\/strong><\/td><td><strong>Rutka<br>Marek<\/strong><\/td><td><strong>Szmajchel<br>Bartosz<\/strong><\/td><td><strong>Bory\u0144ski<br>Krzysztof<\/strong><\/td><td><strong>Ikonowicz<br>Piotr<\/strong><\/td><td><strong>Tyszka<br>Stanis\u0142aw<\/strong><\/td><\/tr><\/thead><tbody><tr><td>11 Listopada<\/td><td>P 44 \/ 40<\/td><td>4<\/td><td>\u2013<\/td><td>1\/1<\/td><td>\u2013<\/td><td>\u2013<\/td><td>\u2013<\/td><td>1\/1<\/td><\/tr><tr><td>3 Maja<\/td><td>\u2013<\/td><td>5 \/ 3 +1d<\/td><td>\u2013<\/td><td>2\/2<\/td><td>\u2013<\/td><td>\u2013<\/td><td>\u2013<\/td><td>\u2013<\/td><\/tr><tr><td>Armii Krajowej<\/td><td>\u2013<\/td><td>2 \/ 0<\/td><td>\u2013<\/td><td>\u2013<\/td><td>\u2013<\/td><td>\u2013<\/td><td>\u2013<\/td><td>\u2013<\/td><\/tr><tr><td>Deotymy<\/td><td>\u2013<\/td><td>2 \/ 2<\/td><td>\u2013<\/td><td>\u2013<\/td><td>\u2013<\/td><td>\u2013<\/td><td>1\/1<\/td><td>\u2013<\/td><\/tr><tr><td>Garncarska<\/td><td>1 \/ 1<\/td><td>4 \/ 4<\/td><td>2 \/ 2<\/td><td>\u2013<\/td><td>\u2013<\/td><td>\u2013<\/td><td>\u2013<\/td><td>1\/1<\/td><\/tr><tr><td>Gda\u0144ska<\/td><td>\u2013<\/td><td>\u2013<\/td><td>\u2013<\/td><td>\u2013<\/td><td>\u2013<\/td><td>\u2013<\/td><td>\u2013<\/td><td>1\/1<\/td><\/tr><tr><td>Grodzka<\/td><td>1 \/1<\/td><td>\u2013<\/td><td>\u2013<\/td><td>1 \/ 1<\/td><td>\u2013<\/td><td>\u2013<\/td><td>1\/1<\/td><td>\u2013<\/td><\/tr><tr><td>Grottgera<\/td><td>1 \/ 1<\/td><td>\u2013<\/td><td>\u2013<\/td><td>\u2013<\/td><td>\u2013<\/td><td>\u2013<\/td><td>\u2013<\/td><td>\u2013<\/td><\/tr><tr><td>Grunwaldzka<\/td><td>\u2013<\/td><td>\u2013<\/td><td>1 \/ 1<\/td><td>\u2013<\/td><td>\u2013<\/td><td>\u2013<\/td><td>\u2013<\/td><td>\u2013<\/td><\/tr><tr><td>Jedno\u015bci Narodowej<\/td><td>1 \/ 1<\/td><td>\u2013<\/td><td>\u2013<\/td><td>2\/2<\/td><td>\u2013<\/td><td>\u2013<\/td><td>\u2013<\/td><td>\u2013<\/td><\/tr><tr><td>Kili\u0144skiego<\/td><td>1 \/ 1<\/td><td>\u2013<\/td><td>\u2013<\/td><td>1 \/ 1<\/td><td>1 \/ 1<\/td><td>\u2013<\/td><td>\u2013<\/td><td>\u2013<\/td><\/tr><tr><td>Ko\u0142\u0142\u0105taja<\/td><td>1 \/ 1<\/td><td>4 \/ 4<\/td><td>\u2013<\/td><td>1 \/ 1<\/td><td>\u2013<\/td><td>1 \/ 1<\/td><td><\/td><td>\u2013<\/td><\/tr><tr><td>Koszali\u0144ska<\/td><td>P 2 \/ 2<\/td><td>\u2013<\/td><td>\u2013<\/td><td>\u2013<\/td><td>\u2013<\/td><td>\u2013<\/td><td>\u2013<\/td><td>\u2013<\/td><\/tr><tr><td>Legion\u00f3w Polskich<\/td><td>P 8 \/ 4<\/td><td>\u2013<\/td><td>\u2013<\/td><td>\u2013<\/td><td>\u2013<\/td><td>\u2013<\/td><td>\u2013<\/td><td>\u2013<\/td><\/tr><tr><td>Leszczy\u0144skiego<\/td><td>\u2013<\/td><td>2 \/ 2<\/td><td>\u2013<\/td><td>2\/2<\/td><td>\u2013<\/td><td>\u2013<\/td><td>\u2013<\/td><td>\u2013<\/td><\/tr><tr><td>Lutos\u0142awskiego<\/td><td>2 \/ 2<\/td><td>\u2013<\/td><td>\u2013<\/td><td>\u2013<\/td><td>\u2013<\/td><td>\u2013<\/td><td>\u2013<\/td><td>1\/1<\/td><\/tr><tr><td>\u0141ajming<\/td><td>\u2013<\/td><td>\u2013<\/td><td>\u2013<\/td><td>\u2013<\/td><td>1 \/ 1<\/td><td>\u2013<\/td><td>\u2013<\/td><td>\u2013<\/td><\/tr><tr><td>Nad \u015aluzami<\/td><td>\u2013<\/td><td>1 \/ 1<\/td><td>\u2013<\/td><td>\u2013<\/td><td>\u2013<\/td><td>\u2013<\/td><td>\u2013<\/td><td>\u2013<\/td><\/tr><tr><td>Nowobramska<\/td><td>\u2013<\/td><td>\u2013<\/td><td>\u2013<\/td><td>1 \/ 1<\/td><td>\u2013<\/td><td>\u2013<\/td><td>\u2013<\/td><td>\u2013<\/td><\/tr><tr><td>Pileckiego<\/td><td>P 2 \/ 2<\/td><td>\u2013<\/td><td>\u2013<\/td><td>\u2013<\/td><td>\u2013<\/td><td>\u2013<\/td><td>\u2013<\/td><td>\u2013<\/td><\/tr><tr><td>Pi\u0142sudskiego<\/td><td>P 14 \/ 14<\/td><td>\u2013<\/td><td>\u2013<\/td><td>\u2013<\/td><td>\u2013<\/td><td>\u2013<\/td><td>\u2013<\/td><td>\u2013<\/td><\/tr><tr><td>Plac D\u0105browskiego<\/td><td>1 \/ 1<\/td><td>1 \/ 1<\/td><td>\u2013<\/td><td>1 \/ 1<\/td><td>\u2013<\/td><td>\u2013<\/td><td>\u2013<\/td><td>\u2013<\/td><\/tr><tr><td>Plac Zwyci\u0119stwa<\/td><td>1 \/ 1<\/td><td>\u2013<\/td><td>\u2013<\/td><td>\u2013<\/td><td>\u2013<\/td><td>\u2013<\/td><td>\u2013<\/td><td>1\/1<\/td><\/tr><tr><td>Pobo\u017cnego<\/td><td>\u2013<\/td><td>4 \/ 3<\/td><td>\u2013<\/td><td>\u2013<\/td><td>\u2013<\/td><td>\u2013<\/td><td>\u2013<\/td><td>\u2013<\/td><\/tr><tr><td>Pozna\u0144ska<\/td><td>P 14 \/ 14<\/td><td>4 \/ 4<\/td><td>\u2013<\/td><td>\u2013<\/td><td>\u2013<\/td><td>\u2013<\/td><td>\u2013<\/td><td>\u2013<\/td><\/tr><tr><td>Sienkiewicza<\/td><td>\u2013<\/td><td>\u2013<\/td><td>\u2013<\/td><td>1 \/ 1<\/td><td>\u2013<\/td><td>\u2013<\/td><td>\u2013<\/td><td>\u2013<\/td><\/tr><tr><td>Sobieskiego<\/td><td>P 16 \/16<br>B 2 \/ 2<\/td><td>\u2013<\/td><td>1 \/ 1<\/td><td>2\/2<\/td><td>\u2013<\/td><td>\u2013<\/td><td>\u2013<\/td><td>\u2013<\/td><\/tr><tr><td>Stary Rynek<\/td><td>1 \/ 1<\/td><td>\u2013<\/td><td>1 \/ 0<\/td><td>2\/2<\/td><td>2 \/ 2<\/td><td>\u2013<\/td><td>1\/1<\/td><td>1\/1<\/td><\/tr><tr><td>Szczeci\u0144ska<\/td><td>5 \/ 5<\/td><td>12 \/ 12<\/td><td>2 \/ 2<\/td><td>\u2013<\/td><td>1 \/ 1<\/td><td>\u2013<\/td><td>3\/3<\/td><td>3\/3<\/td><\/tr><tr><td>Tuwima<\/td><td>2 \/ 2<\/td><td>1 \/ 1<\/td><td>2 \/ 2<\/td><td>\u2013<\/td><td>2 \/ 2<\/td><td>\u2013<\/td><td>1\/2<\/td><td>2\/2<\/td><\/tr><tr><td>Westerplatte<\/td><td>1 \/ 1<\/td><td>1 \/ 1<\/td><td>1 \/ 1<\/td><td>2\/2<\/td><td>1 \/ 1<\/td><td>1 \/ 1<\/td><td>1\/1<\/td><td>1\/1<\/td><\/tr><tr><td>Wiejska<\/td><td>\u2013<\/td><td>2 \/ 2<\/td><td>\u2013<\/td><td>\u2013<\/td><td>\u2013<\/td><td>\u2013<\/td><td>1\/1<\/td><td>\u2013<\/td><\/tr><tr><td>Witkacego<\/td><td>P 4 \/ 4<\/td><td>\u2013<\/td><td>\u2013<\/td><td>\u2013<\/td><td>\u2013<\/td><td>\u2013<\/td><td>\u2013<\/td><td>\u2013<\/td><\/tr><tr><td>Wojska Polskiego<\/td><td>\u2013<\/td><td>\u2013<\/td><td>\u2013<\/td><td>2\/2<\/td><td>\u2013<\/td><td>\u2013<\/td><td>\u2013<\/td><td>\u2013<\/td><\/tr><tr><td>Wolno\u015bci<\/td><td>2 \/ 2<\/td><td>2 \/ 2<\/td><td>\u2013<\/td><td>\u2013<\/td><td>1 \/ 1<\/td><td>\u2013<\/td><td>\u2013<\/td><td>1\/1<\/td><\/tr><tr><td>Zamkowa \/ Prosta<\/td><td>1 \/ 1<\/td><td>1 \/ 1<\/td><td>1 \/ 1<\/td><td>\u2013<\/td><td>\u2013<\/td><td>\u2013<\/td><td>1\/1<\/td><td>1\/1<\/td><\/tr><tr><td><strong>Skany decyzji<\/strong><\/td><td><a href=\"https:\/\/web.archive.org\/web\/20231203095505\/https:\/inspiruj.org\/wp-content\/uploads\/2023\/10\/Konwinski_banery_na_barierkach.pdf\" target=\"_blank\" rel=\"noreferrer noopener\">1<\/a>, <a href=\"https:\/\/web.archive.org\/web\/20231203095505\/https:\/inspiruj.org\/wp-content\/uploads\/2023\/10\/Konwinski_plakaty_na_latarniach.pdf\" target=\"_blank\" rel=\"noreferrer noopener\">2<\/a><\/td><td><a href=\"https:\/\/web.archive.org\/web\/20231203095505\/https:\/inspiruj.org\/wp-content\/uploads\/2023\/10\/Muller_banery_na_barierkach.pdf\" target=\"_blank\" rel=\"noreferrer noopener\">Decyzje<\/a><\/td><td><a href=\"https:\/\/web.archive.org\/web\/20231203095505\/https:\/inspiruj.org\/wp-content\/uploads\/2023\/10\/Plocke_banery_na_barierkach.pdf\" target=\"_blank\" rel=\"noreferrer noopener\">Decyzje<\/a><\/td><td><a href=\"https:\/\/web.archive.org\/web\/20231203095505\/https:\/inspiruj.org\/wp-content\/uploads\/2023\/10\/Rutka_banery_na_drzewach.pdf\" target=\"_blank\" rel=\"noreferrer noopener\">1<\/a>, 2<\/td><td><a href=\"https:\/\/web.archive.org\/web\/20231203095505\/https:\/inspiruj.org\/wp-content\/uploads\/2023\/10\/Szmajchel_banery_na_barierkach.pdf\" target=\"_blank\" rel=\"noreferrer noopener\">Decyzje<\/a><\/td><td>Decyzje<\/td><td>Decyzje<\/td><td>Decyzje<\/td><\/tr><\/tbody><\/table><\/figure>\n\n\n\n<p>Aktualizacja 15.10.2023 g. 12:19<\/p>\n\n\n\n<p><strong>Wymiary, termin:<\/strong><\/p>\n\n\n\n<figure class=\"wp-block-table\"><table class=\"has-fixed-layout\"><thead><tr><td><strong>Kandydat<\/strong><\/td><td><strong>Rodzaj<\/strong><\/td><td><strong>Termin<\/strong><\/td><td><strong>Deklarowany<br>rozmiar<\/strong><\/td><td><strong>Rzeczywisty<br>rozmiar<\/strong><\/td><\/tr><\/thead><tbody><tr><td>Konwi\u0144ski<br>Zbigniew<\/td><td>plakat<br>baner<\/td><td>18.09 \u2013 15.10<br>11.09 \u2013 15.10<\/td><td>0,48 x 0,68<br>1,55 x 0,45<\/td><td>0,48 x 0,68<br>1,55 x 0,45<\/td><\/tr><tr><td>M\u00fcller<br>Piotr<\/td><td>baner<\/td><td>19.09 \u2013 16.10<\/td><td>1,7 x 0,5<\/td><td>1,7 x 0,5<br>dodatkowe: 202\u00d7105<\/td><\/tr><tr><td>Plocke<br>Kazimierz<\/td><td>baner<\/td><td>22.09 \u2013 5.10<br>6.10-16.10<\/td><td>1\u00d71,9<br>1\u00d72<\/td><td>1\u00d72<br>1\u00d72<\/td><\/tr><tr><td>Rutka<br>Marek<\/td><td>baner<br>baner<br>baner<\/td><td>02.10 \u2013 16.10<br>07.10 \u2013 16.10<br>07.10 \u2013 16.10<\/td><td>5\u00d71,5<br>1,20\u00d70,75<br>1,5\u00d71<\/td><td>\u2013<br>1,5\u00d70,75<br>2\u00d71<\/td><\/tr><tr><td>Szmajchel<br>Bartosz<\/td><td>baner<\/td><td>18.09 \u2013 16.10<\/td><td>1,5\u00d71<\/td><td>1,5\u00d71<\/td><\/tr><tr><td>Bory\u0144ski<br>Krzysztof<\/td><td>baner<\/td><td><\/td><td>2\u00d71<\/td><td>2\u00d71<\/td><\/tr><tr><td>Ikonowicz<br>Piotr<\/td><td>baner<\/td><td>10.10 \u2013 16.10<\/td><td>1\u00d72<\/td><td>1\u00d72<\/td><\/tr><tr><td>Tyszka<br>Stanis\u0142aw<\/td><td>baner<\/td><td>11.10 \u2013 16.10<\/td><td>1,5\u00d70,9<\/td><td>1,5\u00d70,9<\/td><\/tr><\/tbody><\/table><\/figure>\n\n\n\n<p><strong>Stwierdzone nielegalne no\u015bniki:<\/strong><br>1) Piotr Ikonowicz, KW Nowa Lewica, Baner o wymiarach: 200\u00d7100, 5 sztuk, czas: od 6.10.2023 \u2013 09.10.2023<br>2) Dorota Arciszewska \u2013 Mielewczyk, KW Prawo i Sprawiedliwo\u015b\u0107, Plakat o wymiarach: 91\u00d7122, 1 sztuka, ulica: Portowa, czas: 6.10.2023 \u2013 9.10.2023<br>3) Piotr M\u00fcller, Samanta Nowi\u0144ska, KW Prawo i Sprawiedliwo\u015b\u0107, Baner o wymiarach: 202\u00d7105, 1 sztuka, ulica: 3 Maja, czas: 09.10.2023, 3 sztuki, czas: 14-15.10.2023, Baner o wymiarach: 170\u00d754, 2 sztuki, czas: 14-15.10.2023<br>4) Szymon Gajda, KW Prawo i Sprawiedliwo\u015b\u0107, Baner o wymiarach: 178\u00d790, 4 sztuki, czas: 10.10.2023, 1 sztuka, czas: 14-15.10.2023<br>5) Marcin Hora\u0142a, KW Prawo i Sprawiedliwo\u015b\u0107, Baner o wymiarach: 150\u00d775, 11 sztuk, czas: 11.10.2023, 22 sztuki, czas: 14-15.10.2023<br>6) Andrzej Ko\u0142odziej, KW Prawo i Sprawiedliwo\u015b\u0107, Baner o wymiarach: -, 50 sztuk<br>7) Micha\u0142 Kowalski, KW Prawo i Sprawiedliwo\u015b\u0107, Baner o wymiarach: 150\u00d775, 3 sztuki, Plakaty o wymiarach: 42\u00d730, 70 sztuk<br>8) Piotr Karczewski, KW Prawo i Sprawiedliwo\u015b\u0107, Baner o wymiarach: 200\u00d7100, 1 sztuka<br>9) Sylwia Leyk, KW Prawo i Sprawiedliwo\u015b\u0107, Baner o wymiarach: 150\u00d790, 2 sztuki<br>10) Kazimierz Klawiter, KW Prawo i Sprawiedliwo\u015b\u0107, Baner o wymiarach: 150\u00d783, 2 sztuki<br>11) Anna G\u00f3rska, KW Nowa Lewica, Baner o wymiarach: 200\u00d7102, 2 sztuki<br>12) Krystyna \u0141uczycka, KKW Koalicja Obywatelska PO .N IPL Zieloni, Baner o wymiarach: 200\u00d7102, 2 sztuki<br>13) Krzysztof Szyma\u0144ski, KW Konfederacja Wolno\u015b\u0107 i Niepodleg\u0142o\u015b\u0107, Baner o wymiarach: 150\u00d792, 1 sztuka<br>14) Fundacja Polska 360, Baner o wymiarach: 180\u00d745, 1 sztuka, czas: 13-15.10.2023<br>15) Fundacja Klub\u00f3w Gazety Polskiej, Baner o wymiarach: 200\u00d7100, 2 sztuki, czas: 13-15.10.2023<br>16) Sylwester Stawicki, KW Bezpartyjni Samorz\u0105dowcy, Baner o wymiarach: 150\u00d7100, 13 sztuk, czas: 13-15.10.2023<br>17) Jacek Szaran, KW Prawo i Sprawiedliwo\u015b\u0107, Baner o wymiarach: 180\u00d745, 30 sztuk, czas: 13-15.10.2023<\/p>\n\n\n\n<p>W trakcie: wszcz\u0119cie 6 post\u0119powa\u0144, szczeg\u00f3\u0142y wkr\u00f3tce.<br><br><strong>2) No\u015bniki reklamowe poza pasem drogowym umieszczone bez zgody zarz\u0105dcy \/ w\u0142a\u015bciciela<\/strong><br>Wskazano i udokumentowano nast\u0119puj\u0105ce nieprawid\u0142owo\u015bci:<br>1. Micha\u0142 Kowalski, KW Prawo i Sprawiedliwo\u015b\u0107, Banery o wymiarach: 149\u00d773, 8 sztuk, ROD im. Zjednoczenia, czas: 4.10.2023, zg\u0142oszono na policj\u0119<br>2. Micha\u0142 Kowalski, KW Prawo i Sprawiedliwo\u015b\u0107, Banery o wymiarach: 149\u00d773, 1 sztuka, Stacja Benzynowa Oktan, czas: 4.10.2023, zg\u0142oszono do w\u0142a\u015bciciela<\/p>\n\n\n\n<p>Wyst\u0105piono do KW Prawo i Sprawiedliwo\u015b\u0107 z wnioskiem o dost\u0119p do informacji publicznej w sprawie faktur za umieszczenie baner\u00f3w Micha\u0142a Kowalskiego na ogrodzeniach SM Nasz Dom, Centrali Nasiennej i firmy Scania.<br><br><strong>3) Korzy\u015bci maj\u0105tkowe niepieni\u0119\u017cne, bezp\u0142atne reklamy umieszczane przez osoby prawne:<\/strong><br>Wyst\u0105piono do KKW Koalicja Obywatelska PO .N IPL Zieloni z wnioskiem o dost\u0119p do informacji publicznej w sprawie faktur za umieszczenie plakat\u00f3w i baneru Zbigniewa Konwi\u0144skiego w sp\u00f3\u0142ce z ograniczon\u0105 odpowiedzialno\u015bci\u0105 w S\u0142upsku.<\/p>\n\n\n\n<hr class=\"wp-block-separator has-alpha-channel-opacity\"\/>\n\n\n\n<p><strong>Monitoring poza S\u0142upskiem<\/strong><br><br><strong>1) Drogi wojew\u00f3dzkie:<\/strong><br>Wyst\u0105piono do Zarz\u0105du Dr\u00f3g Wojew\u00f3dzkich w Gda\u0144sku z wnioskiem o dost\u0119p do informacji publicznej w sprawie wydanych decyzji o wyra\u017cenie zgody na umieszczenie materia\u0142\u00f3w wyborczych, w pasie drogowym oraz wydanych w tym zakresie decyzji administracyjnych dla dr\u00f3g wojew\u00f3dzkich: 231, 214, 212, 210. Celem weryfikacji legalno\u015bci no\u015bnik\u00f3w reklamowych nast\u0119puj\u0105cych kandydat\u00f3w: Jacek Szaran Marcin Hora\u0142a, Dariusz Drelich, Piotr M\u00fcller, Szymon Gajda, Piotr Karczewski (KW PiS), Danuta Rek, Zdzis\u0142aw Czucha, Barbara Nowacka (KW KO), Dariusz M\u0119czykowski (KWW Dariusza M\u0119czykowskiego), Krzysztof Szyma\u0144ski, Konrad Ni\u017cnik, Wasiakowski Wojciech (KW Konfederacja Wolno\u015b\u0107 i Niepodleg\u0142o\u015b\u0107).<br><br>Dodatkowo wyst\u0105piono z wnioskiem do komitet\u00f3w w sprawie tych samych decyzji.<br><br><strong>2) Mosty kolejowe:<\/strong><br>Zg\u0142oszono do zarz\u0105dcy nielegalne no\u015bniki reklamowe Micha\u0142a Urbaniaka i Marcina Malickiego (KW Konfederacja Wolno\u015b\u0107 i Niepodleg\u0142o\u015b\u0107) umieszczone na infrastrukturze kolejowej na DW 214 (Zelgoszcz \u2013 Lubichowo).<br><br><strong>3) Infrastruktura gminna:<\/strong><br>Zg\u0142oszono do zarz\u0105dcy nielegalne no\u015bniki reklamowe Dariusza Drelicha i Piotra M\u00fcllera (KW PiS) umieszczone na infrastrukturze gminnej \u2013 przepompowniach w gminie Stara Kiszewa (9 sztuk).<br><strong><br>4) Korzy\u015bci maj\u0105tkowe niepieni\u0119\u017cne, bezp\u0142atne reklamy umieszczane przez osoby prawne:<\/strong><br><br>1. Wyst\u0105piono do KKW Koalicja Obywatelska PO .N IPL Zieloni z wnioskiem o dost\u0119p do informacji publicznej w sprawie faktur za umieszczenie baner\u00f3w Renaty Rak w dw\u00f3ch sp\u00f3\u0142kach z ograniczon\u0105 odpowiedzialno\u015bci\u0105 i sp\u00f3\u0142dzielni\u0105 mieszkaniow\u0105 w Szczecinku.<br><br>2. Wyst\u0105piono do Burmistrza S\u0142awna z z wnioskiem o dost\u0119p do informacji publicznej w sprawie wydanych decyzji za umieszczenie 90 plakat\u00f3w Paw\u0142a Szefernakera (KW PiS) w pasie drogowym. Z wypowiedzi Burmistrza podczas sesji Rady Miasta S\u0142awna z dnia 28.09.2023 wynika, i\u017c samorz\u0105d nie wyda\u0142 decyzji administracyjnej i nienaliczy\u0142 op\u0142at. Sprawa zostanie zg\u0142oszona do Pa\u0144stwowej Komisji Wyborczej.<\/p>\n\n\n\n<hr class=\"wp-block-separator has-alpha-channel-opacity\"\/>\n\n\n\n<p><strong>Podstawy prawne monitoringu<\/strong> \u2013 ustawa z dnia 5 stycznia 2011 r. \u2014 Kodeks wyborczy<\/p>\n\n\n\n<p><strong><em>Art. 108 [Zakaz agitacji]<\/em><\/strong><em><br>\u00a7 1. Zabrania si\u0119 prowadzenia agitacji wyborczej:<br>1) na terenie urz\u0119d\u00f3w administracji rz\u0105dowej i administracji samorz\u0105du terytorialnego oraz s\u0105d\u00f3w;<br>2) na terenie zak\u0142ad\u00f3w pracy w spos\u00f3b i formach zak\u0142\u00f3caj\u0105cych normalne funkcjonowanie;<br>3) na terenie jednostek wojskowych i innych jednostek organizacyjnych podleg\u0142ych Ministrowi Obrony Narodowej oraz oddzia\u0142\u00f3w obrony cywilnej, a tak\u017ce skoszarowanych jednostek podleg\u0142ych ministrowi w\u0142a\u015bciwemu do spraw wewn\u0119trznych.<br>\u00a7 2. Zabroniona jest agitacja wyborcza na terenie szk\u00f3\u0142 wobec uczni\u00f3w.<\/em><\/p>\n\n\n\n<p><strong><em>Art. 110 [Umieszczanie plakat\u00f3w i hase\u0142]<\/em><\/strong><em><br>\u00a7 1. Na \u015bcianach budynk\u00f3w, przystankach komunikacji publicznej, tablicach i s\u0142upach og\u0142oszeniowych, ogrodzeniach, latarniach, urz\u0105dzeniach energetycznych, telekomunikacyjnych i innych mo\u017cna umieszcza\u0107 plakaty i has\u0142a wyborcze wy\u0142\u0105cznie po uzyskaniu zgody w\u0142a\u015bciciela lub zarz\u0105dcy nieruchomo\u015bci, obiektu albo urz\u0105dzenia.<br>\u00a7 2. Przy ustawianiu w\u0142asnych urz\u0105dze\u0144 og\u0142oszeniowych w celu prowadzenia kampanii wyborczej nale\u017cy stosowa\u0107 obowi\u0105zuj\u0105ce przepisy porz\u0105dkowe. Przepis art. 109 stosuje si\u0119 odpowiednio.<br>\u00a7 3. Plakaty i has\u0142a wyborcze nale\u017cy umieszcza\u0107 w taki spos\u00f3b, aby mo\u017cna je by\u0142o usun\u0105\u0107 bez powodowania szk\u00f3d.<br>\u00a7 5. Policja lub stra\u017c gminna jest obowi\u0105zana usuwa\u0107 na koszt komitet\u00f3w wyborczych plakaty i has\u0142a wyborcze, kt\u00f3rych spos\u00f3b umieszczenia mo\u017ce zagra\u017ca\u0107 \u017cyciu lub zdrowiu ludzi albo bezpiecze\u0144stwu mienia b\u0105d\u017a bezpiecze\u0144stwu w ruchu drogowym.<br>\u00a7 6. Plakaty i has\u0142a wyborcze oraz urz\u0105dzenia og\u0142oszeniowe ustawione w celu prowadzenia agitacji wyborczej pe\u0142nomocnicy wyborczy obowi\u0105zani s\u0105 usun\u0105\u0107 w terminie 30 dni po dniu wybor\u00f3w.<br>\u00a7 6a. Obowi\u0105zek, o kt\u00f3rym mowa w \u00a7 6, nie dotyczy sytuacji, w kt\u00f3rej plakaty i has\u0142a wyborcze oraz urz\u0105dzenia og\u0142oszeniowe ustawione w celu prowadzenia agitacji wyborczej znajduj\u0105 si\u0119 na nieruchomo\u015bciach, obiektach lub urz\u0105dzeniach nieb\u0119d\u0105cych w\u0142asno\u015bci\u0105 Skarbu Pa\u0144stwa, pa\u0144stwowych os\u00f3b prawnych, jednostek samorz\u0105du terytorialnego, ich zwi\u0105zk\u00f3w lub stowarzysze\u0144, komunalnych os\u00f3b prawnych oraz sp\u00f3\u0142ek, w kt\u00f3rych wi\u0119kszo\u015b\u0107 akcji lub udzia\u0142\u00f3w ma Skarb Pa\u0144stwa, jednostki samorz\u0105du terytorialnego lub ich zwi\u0105zki, oraz fundacji utworzonych przez organy w\u0142adzy publicznej, a pozostawienie plakat\u00f3w i hase\u0142 wyborczych oraz urz\u0105dze\u0144 og\u0142oszeniowych po up\u0142ywie terminu, o kt\u00f3rym mowa w \u00a7 6, nast\u0105pi za zgod\u0105 w\u0142a\u015bciciela.<br>\u00a7 7. W\u00f3jt postanawia o usuni\u0119ciu plakat\u00f3w i hase\u0142 wyborczych oraz urz\u0105dze\u0144 og\u0142oszeniowych nieusuni\u0119tych przez obowi\u0105zanych do tego pe\u0142nomocnik\u00f3w wyborczych w terminie, o kt\u00f3rym mowa w \u00a7 6. Koszty usuni\u0119cia ponosz\u0105 obowi\u0105zani.<\/em><\/p>\n\n\n\n<p><strong><em>Art. 132 [\u0179r\u00f3d\u0142a finansowania]<\/em><\/strong><em><br>\u00a7 5. Komitetom wyborczym nie wolno przyjmowa\u0107 korzy\u015bci maj\u0105tkowych o charakterze niepieni\u0119\u017cnym, z wyj\u0105tkiem:<\/em><br><em>1) nieodp\u0142atnego rozpowszechniania plakat\u00f3w i ulotek wyborczych przez osoby fizyczne;<\/em><br><em>2) pomocy w pracach biurowych udzielanej przez osoby fizyczne;<\/em><br><em>3) wykorzystania przedmiot\u00f3w i urz\u0105dze\u0144, w tym pojazd\u00f3w mechanicznych, udost\u0119pnianych nieodp\u0142atnie przez osoby fizyczne;<\/em><br><em>4) nieodp\u0142atnego udost\u0119pniania miejsc do ekspozycji materia\u0142\u00f3w wyborczych przez osoby fizyczne nieprowadz\u0105ce dzia\u0142alno\u015bci gospodarczej w zakresie reklamy.<\/em><\/p>\n","protected":false},"excerpt":{"rendered":"<p>Monitoring materia\u0142\u00f3w wyborczych w przestrzeni publicznej w 2023 roku obejmuje nie tylko miasto S\u0142upsk, ale r\u00f3wnie\u017c zachodni\u0105 cz\u0119\u015b\u0107 okr\u0119gu s\u0142upsko-gdy\u0144skiego [&hellip;]<\/p>\n","protected":false},"author":2,"featured_media":0,"parent":0,"menu_order":0,"comment_status":"closed","ping_status":"closed","template":"","meta":{"site-sidebar-layout":"default","site-content-layout":"","ast-site-content-layout":"default","site-content-style":"default","site-sidebar-style":"default","ast-global-header-display":"","ast-banner-title-visibility":"","ast-main-header-display":"","ast-hfb-above-header-display":"","ast-hfb-below-header-display":"","ast-hfb-mobile-header-display":"","site-post-title":"","ast-breadcrumbs-content":"","ast-featured-img":"","footer-sml-layout":"","theme-transparent-header-meta":"","adv-header-id-meta":"","stick-header-meta":"","header-above-stick-meta":"","header-main-stick-meta":"","header-below-stick-meta":"","astra-migrate-meta-layouts":"default","ast-page-background-enabled":"default","ast-page-background-meta":{"desktop":{"background-color":"var(--ast-global-color-5)","background-image":"","background-repeat":"repeat","background-position":"center center","background-size":"auto","background-attachment":"scroll","background-type":"","background-media":"","overlay-type":"","overlay-color":"","overlay-opacity":"","overlay-gradient":""},"tablet":{"background-color":"","background-image":"","background-repeat":"repeat","background-position":"center center","background-size":"auto","background-attachment":"scroll","background-type":"","background-media":"","overlay-type":"","overlay-color":"","overlay-opacity":"","overlay-gradient":""},"mobile":{"background-color":"","background-image":"","background-repeat":"repeat","background-position":"center center","background-size":"auto","background-attachment":"scroll","background-type":"","background-media":"","overlay-type":"","overlay-color":"","overlay-opacity":"","overlay-gradient":""}},"ast-content-background-meta":{"desktop":{"background-color":"var(--ast-global-color-4)","background-image":"","background-repeat":"repeat","background-position":"center center","background-size":"auto","background-attachment":"scroll","background-type":"","background-media":"","overlay-type":"","overlay-color":"","overlay-opacity":"","overlay-gradient":""},"tablet":{"background-color":"var(--ast-global-color-4)","background-image":"","background-repeat":"repeat","background-position":"center center","background-size":"auto","background-attachment":"scroll","background-type":"","background-media":"","overlay-type":"","overlay-color":"","overlay-opacity":"","overlay-gradient":""},"mobile":{"background-color":"var(--ast-global-color-4)","background-image":"","background-repeat":"repeat","background-position":"center center","background-size":"auto","background-attachment":"scroll","background-type":"","background-media":"","overlay-type":"","overlay-color":"","overlay-opacity":"","overlay-gradient":""}},"footnotes":""},"class_list":["post-31","page","type-page","status-publish","hentry"],"_links":{"self":[{"href":"https:\/\/inspiruj.org\/index.php?rest_route=\/wp\/v2\/pages\/31","targetHints":{"allow":["GET"]}}],"collection":[{"href":"https:\/\/inspiruj.org\/index.php?rest_route=\/wp\/v2\/pages"}],"about":[{"href":"https:\/\/inspiruj.org\/index.php?rest_route=\/wp\/v2\/types\/page"}],"author":[{"embeddable":true,"href":"https:\/\/inspiruj.org\/index.php?rest_route=\/wp\/v2\/users\/2"}],"replies":[{"embeddable":true,"href":"https:\/\/inspiruj.org\/index.php?rest_route=%2Fwp%2Fv2%2Fcomments&post=31"}],"version-history":[{"count":2,"href":"https:\/\/inspiruj.org\/index.php?rest_route=\/wp\/v2\/pages\/31\/revisions"}],"predecessor-version":[{"id":38,"href":"https:\/\/inspiruj.org\/index.php?rest_route=\/wp\/v2\/pages\/31\/revisions\/38"}],"wp:attachment":[{"href":"https:\/\/inspiruj.org\/index.php?rest_route=%2Fwp%2Fv2%2Fmedia&parent=31"}],"curies":[{"name":"wp","href":"https:\/\/api.w.org\/{rel}","templated":true}]}}